{"id":10,"date":"2020-01-13T08:26:18","date_gmt":"2020-01-13T08:26:18","guid":{"rendered":"http:\/\/apmad.fr\/?page_id=10"},"modified":"2020-04-05T15:00:00","modified_gmt":"2020-04-05T14:00:00","slug":"actualites","status":"publish","type":"page","link":"https:\/\/apmad.fr\/?page_id=10","title":{"rendered":"ACTUALIT\u00c9S"},"content":{"rendered":"\t\t<div data-elementor-type=\"wp-page\" data-elementor-id=\"10\" class=\"elementor elementor-10\">\n\t\t\t\t\t\t<section class=\"elementor-section elementor-top-section elementor-element elementor-element-6cb1cea elementor-section-boxed elementor-section-height-default elementor-section-height-default\" data-id=\"6cb1cea\" data-element_type=\"section\">\n\t\t\t\t\t\t<div class=\"elementor-container elementor-column-gap-default\">\n\t\t\t\t\t<div class=\"elementor-column elementor-col-100 elementor-top-column elementor-element elementor-element-5de09d0\" data-id=\"5de09d0\" data-element_type=\"column\">\n\t\t\t<div class=\"elementor-widget-wrap elementor-element-populated\">\n\t\t\t\t\t\t<div class=\"elementor-element elementor-element-f530238 elementor-widget elementor-widget-wp-widget-recent-posts\" data-id=\"f530238\" data-element_type=\"widget\" data-widget_type=\"wp-widget-recent-posts.default\">\n\t\t\t\t<div class=\"elementor-widget-container\">\n\t\t\t\n\t\t\n\t\t<h5>Liste des actualit\u00e9s r\u00e9centes<\/h5>\n\t\t<ul>\n\t\t\t\t\t\t\t\t\t\t\t<li>\n\t\t\t\t\t<a href=\"https:\/\/apmad.fr\/?p=672\">L&#8217;APMAD change d&#8217;adresse courriel<\/a>\n\t\t\t\t\t\t\t\t\t\t\t<span class=\"post-date\">mars 24, 2026<\/span>\n\t\t\t\t\t\t\t\t\t<\/li>\n\t\t\t\t\t\t\t\t\t\t\t<li>\n\t\t\t\t\t<a href=\"https:\/\/apmad.fr\/?p=664\">Le SSIAD dispose de places pour la prise en charge de personnes \u00e2g\u00e9es ou en situation de handicap n\u00e9cessitant des soins infirmiers \u00e0 domicile<\/a>\n\t\t\t\t\t\t\t\t\t\t\t<span class=\"post-date\">octobre 19, 2025<\/span>\n\t\t\t\t\t\t\t\t\t<\/li>\n\t\t\t\t\t\t\t\t\t\t\t<li>\n\t\t\t\t\t<a href=\"https:\/\/apmad.fr\/?p=657\">La nouvelle direction<\/a>\n\t\t\t\t\t\t\t\t\t\t\t<span class=\"post-date\">octobre 19, 2025<\/span>\n\t\t\t\t\t\t\t\t\t<\/li>\n\t\t\t\t\t\t\t\t\t\t\t<li>\n\t\t\t\t\t<a href=\"https:\/\/apmad.fr\/?p=635\">La plaquette du SSIAD est disponible sur le site<\/a>\n\t\t\t\t\t\t\t\t\t\t\t<span class=\"post-date\">novembre 3, 2024<\/span>\n\t\t\t\t\t\t\t\t\t<\/li>\n\t\t\t\t\t\t\t\t\t\t\t<li>\n\t\t\t\t\t<a href=\"https:\/\/apmad.fr\/?p=607\">Le SSIAD plus visible<\/a>\n\t\t\t\t\t\t\t\t\t\t\t<span class=\"post-date\">octobre 27, 2024<\/span>\n\t\t\t\t\t\t\t\t\t<\/li>\n\t\t\t\t\t\t\t\t\t\t\t<li>\n\t\t\t\t\t<a href=\"https:\/\/apmad.fr\/?p=546\">Aides-soignants\/tes, rejoignez le SSIAD de Ponthierry<\/a>\n\t\t\t\t\t\t\t\t\t\t\t<span class=\"post-date\">f\u00e9vrier 26, 2024<\/span>\n\t\t\t\t\t\t\t\t\t<\/li>\n\t\t\t\t\t\t\t\t\t\t\t<li>\n\t\t\t\t\t<a href=\"https:\/\/apmad.fr\/?p=542\">Pour une Gouvernance \u00e9largie, postulez d\u00e8s maintenant<\/a>\n\t\t\t\t\t\t\t\t\t\t\t<span class=\"post-date\">janvier 8, 2024<\/span>\n\t\t\t\t\t\t\t\t\t<\/li>\n\t\t\t\t\t\t\t\t\t\t\t<li>\n\t\t\t\t\t<a href=\"https:\/\/apmad.fr\/?p=540\">VOEUX 2024<\/a>\n\t\t\t\t\t\t\t\t\t\t\t<span class=\"post-date\">janvier 8, 2024<\/span>\n\t\t\t\t\t\t\t\t\t<\/li>\n\t\t\t\t\t\t\t\t\t\t\t<li>\n\t\t\t\t\t<a href=\"https:\/\/apmad.fr\/?p=538\">L&#8217;APMAD accueille son nouveau directeur<\/a>\n\t\t\t\t\t\t\t\t\t\t\t<span class=\"post-date\">janvier 8, 2024<\/span>\n\t\t\t\t\t\t\t\t\t<\/li>\n\t\t\t\t\t\t\t\t\t\t\t<li>\n\t\t\t\t\t<a href=\"https:\/\/apmad.fr\/?p=533\">URGENT Le SSIAD de Ponthierry recrute des Aides soignants dipl\u00f4m\u00e9s<\/a>\n\t\t\t\t\t\t\t\t\t\t\t<span class=\"post-date\">octobre 18, 2023<\/span>\n\t\t\t\t\t\t\t\t\t<\/li>\n\t\t\t\t\t\t\t\t\t\t\t<li>\n\t\t\t\t\t<a href=\"https:\/\/apmad.fr\/?p=528\">Vous \u00eates invit\u00e9s pour l&#8217;Assembl\u00e9e g\u00e9n\u00e9rale jeudi 6 avril 19 h \u00e0 Ponthierry<\/a>\n\t\t\t\t\t\t\t\t\t\t\t<span class=\"post-date\">avril 2, 2023<\/span>\n\t\t\t\t\t\t\t\t\t<\/li>\n\t\t\t\t\t\t\t\t\t\t\t<li>\n\t\t\t\t\t<a href=\"https:\/\/apmad.fr\/?p=509\">Assembl\u00e9e G\u00e9n\u00e9rale 2023 jeudi 6 avril 19 h<\/a>\n\t\t\t\t\t\t\t\t\t\t\t<span class=\"post-date\">janvier 11, 2023<\/span>\n\t\t\t\t\t\t\t\t\t<\/li>\n\t\t\t\t\t\t\t\t\t\t\t<li>\n\t\t\t\t\t<a href=\"https:\/\/apmad.fr\/?p=507\">Appel \u00e0 candidatures administrateurs<\/a>\n\t\t\t\t\t\t\t\t\t\t\t<span class=\"post-date\">janvier 11, 2023<\/span>\n\t\t\t\t\t\t\t\t\t<\/li>\n\t\t\t\t\t\t\t\t\t\t\t<li>\n\t\t\t\t\t<a href=\"https:\/\/apmad.fr\/?p=494\">Semaine des M\u00e9tiers de la Solidarit\u00e9 : l&#8217;APMAD ouvre ses portes vendredi 14 octobre<\/a>\n\t\t\t\t\t\t\t\t\t\t\t<span class=\"post-date\">septembre 20, 2022<\/span>\n\t\t\t\t\t\t\t\t\t<\/li>\n\t\t\t\t\t\t\t\t\t\t\t<li>\n\t\t\t\t\t<a href=\"https:\/\/apmad.fr\/?p=488\">Pour ses 40 ans, l&#8217;APMAD organise une Table Ronde<\/a>\n\t\t\t\t\t\t\t\t\t\t\t<span class=\"post-date\">septembre 20, 2022<\/span>\n\t\t\t\t\t\t\t\t\t<\/li>\n\t\t\t\t\t\t\t\t\t\t\t<li>\n\t\t\t\t\t<a href=\"https:\/\/apmad.fr\/?p=467\">2022 : retrouvons nous pour c\u00e9l\u00e9brer les 40 ans d&#8217;engagement et d&#8217;\u00e9volution de l&#8217;APMAD<\/a>\n\t\t\t\t\t\t\t\t\t\t\t<span class=\"post-date\">mai 3, 2022<\/span>\n\t\t\t\t\t\t\t\t\t<\/li>\n\t\t\t\t\t\t\t\t\t\t\t<li>\n\t\t\t\t\t<a href=\"https:\/\/apmad.fr\/?p=464\">Assembl\u00e9e G\u00e9n\u00e9rale Ordinaire 1er avril 2022 18 h<\/a>\n\t\t\t\t\t\t\t\t\t\t\t<span class=\"post-date\">mars 15, 2022<\/span>\n\t\t\t\t\t\t\t\t\t<\/li>\n\t\t\t\t\t\t\t\t\t\t\t<li>\n\t\t\t\t\t<a href=\"https:\/\/apmad.fr\/?p=460\">Sur nos agendas : AG  vendredi 1er avril 18 h           \u00e0 St Fargeau Ponthierry<\/a>\n\t\t\t\t\t\t\t\t\t\t\t<span class=\"post-date\">janvier 30, 2022<\/span>\n\t\t\t\t\t\t\t\t\t<\/li>\n\t\t\t\t\t\t\t\t\t\t\t<li>\n\t\t\t\t\t<a href=\"https:\/\/apmad.fr\/?p=430\">CA : le d\u00e9p\u00f4t de candidature d&#8217;administrateur\/trice b\u00e9n\u00e9vole est ouvert<\/a>\n\t\t\t\t\t\t\t\t\t\t\t<span class=\"post-date\">janvier 9, 2022<\/span>\n\t\t\t\t\t\t\t\t\t<\/li>\n\t\t\t\t\t\t\t\t\t\t\t<li>\n\t\t\t\t\t<a href=\"https:\/\/apmad.fr\/?p=428\">2022 : 40 ans d&#8217;engagement et d&#8217;\u00e9volution<\/a>\n\t\t\t\t\t\t\t\t\t\t\t<span class=\"post-date\">janvier 9, 2022<\/span>\n\t\t\t\t\t\t\t\t\t<\/li>\n\t\t\t\t\t<\/ul>\n\n\t\t\t\t<\/div>\n\t\t\t\t<\/div>\n\t\t\t\t\t<\/div>\n\t\t<\/div>\n\t\t\t\t\t<\/div>\n\t\t<\/section>\n\t\t\t\t<\/div>\n\t\t","protected":false},"excerpt":{"rendered":"","protected":false},"author":1,"featured_media":40,"parent":0,"menu_order":1,"comment_status":"closed","ping_status":"closed","template":"","meta":{"footnotes":""},"_links":{"self":[{"href":"https:\/\/apmad.fr\/index.php?rest_route=\/wp\/v2\/pages\/10"}],"collection":[{"href":"https:\/\/apmad.fr\/index.php?rest_route=\/wp\/v2\/pages"}],"about":[{"href":"https:\/\/apmad.fr\/index.php?rest_route=\/wp\/v2\/types\/page"}],"author":[{"embeddable":true,"href":"https:\/\/apmad.fr\/index.php?rest_route=\/wp\/v2\/users\/1"}],"replies":[{"embeddable":true,"href":"https:\/\/apmad.fr\/index.php?rest_route=%2Fwp%2Fv2%2Fcomments&post=10"}],"version-history":[{"count":7,"href":"https:\/\/apmad.fr\/index.php?rest_route=\/wp\/v2\/pages\/10\/revisions"}],"predecessor-version":[{"id":110,"href":"https:\/\/apmad.fr\/index.php?rest_route=\/wp\/v2\/pages\/10\/revisions\/110"}],"wp:featuredmedia":[{"embeddable":true,"href":"https:\/\/apmad.fr\/index.php?rest_route=\/wp\/v2\/media\/40"}],"wp:attachment":[{"href":"https:\/\/apmad.fr\/index.php?rest_route=%2Fwp%2Fv2%2Fmedia&parent=10"}],"curies":[{"name":"wp","href":"https:\/\/api.w.org\/{rel}","templated":true}]}}